{"id":286,"date":"2022-06-01T16:11:26","date_gmt":"2022-06-01T16:11:26","guid":{"rendered":"https:\/\/www.lemansclassic.com\/?page_id=286"},"modified":"2026-02-17T15:22:17","modified_gmt":"2026-02-17T14:22:17","slug":"terms-and-conditions-of-sale","status":"publish","type":"page","link":"https:\/\/www.lemansclassic.com\/en\/conditions-generales-de-vente\/","title":{"rendered":"Terms and conditions of sale"},"content":{"rendered":"<section class=\"bde-section-286-225 bde-section\">\n  \n  \n\t\n\n\n\n        <div class=\"section-shape-divider-wrapper section-shape-divider-wrapper--1\">\n          <span class=\"section-shape-divider\">\n                      <svg\n                xmlns=\"http:\/\/www.w3.org\/2000\/svg\"\n                viewBox=\"0 0 1440 320\"\n                preserveAspectRatio=\"none\"\n            >\n              <path fill=\"currentColor\" fill-opacity=\"1\" d=\"M0,288L1440,0L1440,320L0,320Z\"><\/path>\n            <\/svg>\n                    <\/span>\n      <\/div>\n  <div class=\"section-container\"><div class=\"bde-div-286-226 bde-div\">\n  \n  \n\t\n\n\n\n<h2 class=\"bde-heading-286-228 bde-heading\">\nConditions g\u00e9n\u00e9rales de vente\n<\/h2><h2 class=\"bde-dual-heading-286-229 bde-dual-heading\">\n\n\n            <span data-style=\"primary\" class=\"dual-heading--primary  \">Offres<\/span>\n\n            <span data-style=\"secondary\" class=\"dual-heading--secondary  js-annotate\">hospitalit\u00e9s<\/span>\n\n\n\n<\/h2>\n<\/div><\/div>\n<\/section><section class=\"bde-section-286-102 bde-section\">\n  \n  \n\t\n\n\n\n<div class=\"section-container\"><div class=\"bde-accordion-286-185 bde-accordion bde-accordion--bordered\"><div class=\"bde-accordion__content-wrapper-286-186 bde-accordion__content-wrapper\">\n<h3 class=\"bde-accordion__title-tag\">\n  <button type=\"button\" class=\"bde-accordion__button\" id=\"accordion-button-186\" aria-controls=\"accordion-panel-186\" aria-expanded=\"false\">\n     <span class=\"bde-accordion__title\" >1. Pr\u00e9ambule<\/span>\n     <span class=\"bde-accordion__icon bde-accordion__icon--default\"><\/span>\n     <span class=\"bde-accordion__icon bde-accordion__icon--active\"><\/span>\n  <\/button>\n<\/h3>\n\n<div role=\"region\" class=\"bde-accordion__panel\" id=\"accordion-panel-186\" aria-labelledby=\"accordion-button-186\">\n    <div class=\"bde-accordion__panel-content\">\n        <div class=\"bde-text-286-187 bde-text\">\n\u2022 A l\u2019occasion du Mans Classic (l\u2019Ev\u00e8nement), SAVH, soci\u00e9t\u00e9 par actions simplifi\u00e9e au capital de 40.000 euros, dont le si\u00e8ge social est situ\u00e9 au 103 rue Lamarck \u2013 75018 Paris, immatricul\u00e9e sous le num\u00e9ro 439 162 892 RCS PARIS (SAVH) propose des prestations d\u2019hospitalit\u00e9s associ\u00e9es \u00e0 l\u2019Ev\u00e9nement dans un espace (l\u2019Espace de R\u00e9ception), non ouvert au public (le Programme). Le client (le Client) a souhait\u00e9 acqu\u00e9rir les prestations d\u00e9crites dans l\u2019offre commerciale propos\u00e9e par SAVH (les Prestations). A cet effet, SAVH et le Client (ci-apr\u00e8s les Parties) ont d\u00e9cid\u00e9 de conclure un contrat de prestations de services d\u2019hospitalit\u00e9s (ci-apr\u00e8s le Contrat).<br><br><br>\u2022 Le Contrat est constitu\u00e9 par ordre d\u2019importance d\u00e9croissante du bon de commande (ci-apr\u00e8s la R\u00e9servation), de la facture pro-forma (la Facture), des pr\u00e9sentes conditions g\u00e9n\u00e9rales de vente de prestations de services d\u2019hospitalit\u00e9s (ci-apr\u00e8s les Conditions G\u00e9n\u00e9rales) et de l\u2019offre commerciale, qui forment un tout indissociable. En cas de contradiction entre les documents contractuels, la R\u00e9servation pr\u00e9vaudra sur les Conditions G\u00e9n\u00e9rales. <br><br>\u2022 Le Contrat dont le pr\u00e9sent Pr\u00e9ambule fait partie int\u00e9grante r\u00e9git les relations des Parties au regard de l\u2019objet des pr\u00e9sentes \u00e0 l\u2019exclusion de tout autre document, accord \u00e9crit ou verbal ; il se substitue \u00e0 tout accord oral ou \u00e9crit \u00e9chang\u00e9 entre les Parties ant\u00e9rieurement \u00e0 la conclusion des pr\u00e9sentes et se rapportant \u00e0 son objet. <br><br>\u2022 Les Conditions G\u00e9n\u00e9rales s\u2019appliquent \u00e0 l\u2019ensemble des Prestations fournies par SAVH au Client dans le cadre de l\u2019Ev\u00e8nement et lui sont adress\u00e9es, remises ou mises \u00e0 disposition sur le site [https:\/\/lemansclassic.com] de SAVH, pr\u00e9alablement \u00e0 la passation de toute commande.<br><br>\u2022 Toute R\u00e9servation du Client implique son acceptation sans condition ni r\u00e9serve des pr\u00e9sentes Conditions G\u00e9n\u00e9rales sous r\u00e9serve des \u00e9ventuelles conditions particuli\u00e8res n\u00e9goci\u00e9es entres les Parties.<br><br>\u2022 Les conditions g\u00e9n\u00e9rales d\u2019achat ou tout autre document du Client sont inopposables \u00e0 SAVH sans son accord pr\u00e9alable et \u00e9crit.\n<\/div>\n    <\/div>\n<\/div>\n\n\n\n<\/div><div class=\"bde-accordion__content-wrapper-286-188 bde-accordion__content-wrapper\">\n<h3 class=\"bde-accordion__title-tag\">\n  <button type=\"button\" class=\"bde-accordion__button\" id=\"accordion-button-188\" aria-controls=\"accordion-panel-188\" aria-expanded=\"false\">\n     <span class=\"bde-accordion__title\" >2. Achat des Prestations<\/span>\n     <span class=\"bde-accordion__icon bde-accordion__icon--default\"><\/span>\n     <span class=\"bde-accordion__icon bde-accordion__icon--active\"><\/span>\n  <\/button>\n<\/h3>\n\n<div role=\"region\" class=\"bde-accordion__panel\" id=\"accordion-panel-188\" aria-labelledby=\"accordion-button-188\">\n    <div class=\"bde-accordion__panel-content\">\n        <h4 class=\"bde-heading-286-189 bde-heading\">\n2.1. Modalit\u00e9s d\u2019achat des Prestations\n<\/h4><div class=\"bde-text-286-190 bde-text\">\nLa commande des Prestations se fait aupr\u00e8s de la soci\u00e9t\u00e9 SAVH. Toute commande ne devient d\u00e9finitive qu\u2019apr\u00e8s acceptation \u00e9crite par SAVH. Toute modification de commande du fait du Client devra faire l\u2019objet d\u2019un accord pr\u00e9alable et \u00e9crit de SAVH et cette modification fera l\u2019objet, le cas \u00e9ch\u00e9ant, d\u2019une facturation suppl\u00e9mentaire ou de l\u2019\u00e9mission d\u2019un avoir.\n<\/div><h4 class=\"bde-heading-286-191 bde-heading\">\n2.2. Prix et Modalit\u00e9s de paiement\n<\/h4><div class=\"bde-text-286-192 bde-text\">\n\u2022 SAVH se r\u00e9serve le droit de modifier ses prix \u00e0 tout moment mais les Prestations seront factur\u00e9es sur la base des tarifs en vigueur lors de la R\u00e9servation. En contrepartie des Prestations, le Client versera \u00e0 SAVH la somme forfaitaire stipul\u00e9e sur la R\u00e9servation en euros.<br><br>\u2022 La totalit\u00e9 du r\u00e8glement devra parvenir en euros TTC \u00e0 r\u00e9ception de facture. Sauf convention particuli\u00e8re, tous les paiements sont effectu\u00e9s \u00e0 trente (30) jours date de facture, sans escompte. Les Prestations sont r\u00e9put\u00e9es payables \u00e0 Paris. Le r\u00e8glement est r\u00e9put\u00e9 r\u00e9alis\u00e9 \u00e0 la date \u00e0 laquelle les fonds sont encaiss\u00e9s par SAVH ou de son subrog\u00e9. En cas de contestation ou d\u2019ex\u00e9cution partielle du Contrat, le paiement demeure exigible sur la partie du Contrat non contest\u00e9e ou partiellement ex\u00e9cut\u00e9e.<br><br>\u2022 Le paiement des Prestations se fait uniquement par virement sur le compte dont les coordonn\u00e9es figureront sur la Facture, par ch\u00e8que ou par Carte Bancaire.<br><br>2.2.2. Tout retard de paiement aux \u00e9ch\u00e9ances convenues au pr\u00e9sent article entra\u00eenera de plein droit l\u2019application d\u2019un int\u00e9r\u00eat de retard d\u2019un montant \u00e9gal au taux d\u2019int\u00e9r\u00eat appliqu\u00e9 par la BCE \u00e0 son op\u00e9ration de refinancement la plus r\u00e9cente major\u00e9 de 10 points de pourcentage \u00e0 la date d\u2019\u00e9ch\u00e9ance du d\u00e9lai de paiement applicable, m\u00eame si les sommes dues par le Client ont donn\u00e9 lieu \u00e0 l\u2019\u00e9mission de traites d\u00e9j\u00e0 mises en circulation. En cas de retard de paiement, SAVH sera en droit d\u2019exiger du Client le paiement d\u2019une indemnit\u00e9 forfaitaire pour frais de recouvrement d\u2019un montant de 40 euros, en sus des indemnit\u00e9s de retard, conform\u00e9ment \u00e0 l\u2019article L. 441-10 du Code de commerce. En cas de retard de paiement, SAVH se r\u00e9serve, en outre, la facult\u00e9 (i) de suspendre ou d\u2019annuler de plein droit et sans mise en demeure pr\u00e9alable, en totalit\u00e9 ou partiellement, l\u2019ex\u00e9cution des Prestations sauf \u00e0 ce que le Client puisse \u00e9tablir l\u2019existence d\u2019un cas de force majeure, sans pr\u00e9judice de toute indemnisations qui pourraient \u00eatre r\u00e9clam\u00e9es par SAVH en cas d\u2019inex\u00e9cution partielle ou totale des autres stipulations des pr\u00e9sentes Conditions G\u00e9n\u00e9rales.<br>\n<\/div><h4 class=\"bde-heading-286-194 bde-heading\">\n2.3. Engagement\n<\/h4><div class=\"bde-text-286-196 bde-text\">\n 2.3.1 Le Client d\u00e9clare avoir pris connaissance et accept\u00e9 les pr\u00e9sentes Conditions G\u00e9n\u00e9rales pr\u00e9alablement \u00e0 la passation de toute commande.<br><br>2.3.2 Tout engagement du Client est ferme et d\u00e9finitif et ne peut faire l\u2019objet de remboursement pour quelque motif que ce soit. Le Client ne pourra revendiquer une quelconque compensation ou indemnit\u00e9 financi\u00e8re dans le cas o\u00f9, pour quelque raison que ce soit, il ne ferait pas usage, en tout ou partie, des Prestations. En cas de d\u00e9sistement, refus, ou annulation de la part du Client, SAVH sera lib\u00e9r\u00e9e de toute obligation envers le Client et celui-ci ne pourra pr\u00e9tendre ni au report des Prestations \u00e0 une autre date, ni au remboursement des sommes d\u00e9j\u00e0 vers\u00e9es et conserv\u00e9es par SAVH \u00e0 titre d\u2019indemnit\u00e9 de r\u00e9siliation contractuelle irr\u00e9ductible.<br>\n<\/div>\n    <\/div>\n<\/div>\n\n\n\n<\/div><div class=\"bde-accordion__content-wrapper-286-197 bde-accordion__content-wrapper\">\n<h3 class=\"bde-accordion__title-tag\">\n  <button type=\"button\" class=\"bde-accordion__button\" id=\"accordion-button-197\" aria-controls=\"accordion-panel-197\" aria-expanded=\"false\">\n     <span class=\"bde-accordion__title\" >3. Obligations de Peter Auto<\/span>\n     <span class=\"bde-accordion__icon bde-accordion__icon--default\"><\/span>\n     <span class=\"bde-accordion__icon bde-accordion__icon--active\"><\/span>\n  <\/button>\n<\/h3>\n\n<div role=\"region\" class=\"bde-accordion__panel\" id=\"accordion-panel-197\" aria-labelledby=\"accordion-button-197\">\n    <div class=\"bde-accordion__panel-content\">\n        <div class=\"bde-text-286-198 bde-text\">\nSAVH s\u2019engage \u00e0 fournir au Client les Prestations directement ou par l\u2019interm\u00e9diaire de prestataires tiers auxquels elle aura pu confier tout ou partie des Prestations.\n<\/div>\n    <\/div>\n<\/div>\n\n\n\n<\/div><div class=\"bde-accordion__content-wrapper-286-199 bde-accordion__content-wrapper\">\n<h3 class=\"bde-accordion__title-tag\">\n  <button type=\"button\" class=\"bde-accordion__button\" id=\"accordion-button-199\" aria-controls=\"accordion-panel-199\" aria-expanded=\"false\">\n     <span class=\"bde-accordion__title\" >4. Obligations du Client<\/span>\n     <span class=\"bde-accordion__icon bde-accordion__icon--default\"><\/span>\n     <span class=\"bde-accordion__icon bde-accordion__icon--active\"><\/span>\n  <\/button>\n<\/h3>\n\n<div role=\"region\" class=\"bde-accordion__panel\" id=\"accordion-panel-199\" aria-labelledby=\"accordion-button-199\">\n    <div class=\"bde-accordion__panel-content\">\n        <h4 class=\"bde-heading-286-200 bde-heading\">\n4.1. Finalit\u00e9\n<\/h4><div class=\"bde-text-286-201 bde-text\">\n\u2022 Les Prestations en vente par SAVH sont destin\u00e9es aux clients, prospects, salari\u00e9s, pr\u00e9pos\u00e9, agents, etc., personnes physiques, du Client (ci-apr\u00e8s les \u00ab Personnes \u00bb) pour leur usage et consommation personnels.<br><br>\u2022 Le Client s\u2019engage \u00e0 ne pas c\u00e9der, de quelque mani\u00e8re et \u00e0 quelque fin que ce soit, en tout ou partie, les Prestations objets du Contrat.<br>\n<\/div><h4 class=\"bde-heading-286-202 bde-heading\">\n4.2. Acc\u00e8s \u00e0 l\u2019Espace de r\u00e9ception\n<\/h4><div class=\"bde-text-286-203 bde-text\">\n\u2022 Aucune invitation \u00e9mise par le Client ne peut \u00eatre consid\u00e9r\u00e9e comme un acc\u00e8s valable \u00e0 l\u2019Ev\u00e9nement. Seules les personnes ayant un accr\u00e9ditif d\u00e9livr\u00e9 par SAVH pourront acc\u00e9der \u00e0 l\u2019Espace de R\u00e9ception.<br><br>\u2022 SAVH se r\u00e9serve le droit de refuser l\u2019acc\u00e8s \u00e0 l\u2019Espace de R\u00e9ception ou d\u2019expulser de l\u2019Espace de R\u00e9ception, toute personne dont le comportement serait de nature \u00e0 g\u00eaner les autres Clients ou \u00e0 perturber la bonne tenue du Programme ou de l\u2019Ev\u00e9nement.\n<\/div><h4 class=\"bde-heading-286-204 bde-heading\">\n4.3. Communication \u2013 visibilit\u00e9\n<\/h4><div class=\"bde-text-286-205 bde-text\">\n4.3.1 Le Client ainsi que les Personnes acceptent d\u2019\u00eatre film\u00e9s et\/ou photographi\u00e9s et que leur image ainsi reproduite puisse \u00eatre librement exploit\u00e9e par SAVH ou ses ayants-droits ou ayants-cause lors de la diffusion et la promotion du Programme et de l\u2019Ev\u00e9nement.<br><br>4.3.2 Sauf autorisation expresse consentie par SAVH au Client, par contrat s\u00e9par\u00e9, et dans le strict cadre de cette autorisation, Le Client veillera \u00e0 ce que lui-m\u00eame et les Personnes respectent l\u2019interdiction d\u2019exploitation, sous toute forme et pour quelque usage que ce soit hors le strict cadre de l\u2019exploitation au sein du cercle de famille, de photos ou films repr\u00e9sentant en tout ou partie le Programme ou l\u2019Ev\u00e9nement.<br><br> 4.3.3 Le Client s\u2019oblige \u00e0 ne faire aucune d\u00e9claration susceptible de porter atteinte \u00e0 l\u2019image d\u2019SAVH, de l\u2019Ev\u00e9nement ou du Programme. Le Client s\u2019oblige \u00e0 respecter une stricte confidentialit\u00e9 et s\u2019interdit de divulguer \u00e0 quiconque, pour quelque cause que ce soit, toutes les informations dont elle aurait pu avoir connaissance \u00e0 l\u2019occasion des pr\u00e9sentes relatives \u00e0 l\u2019\u00e9v\u00e9nement ou, plus g\u00e9n\u00e9ralement, \u00e0 SAVH.<br><br>4.3.4 Toute r\u00e9f\u00e9rence au Programme et \u00e0 l\u2019Ev\u00e9nement ainsi que toute utilisation par Le Client du logo de l\u2019Ev\u00e9nement et\/ou le cas \u00e9ch\u00e9ant du Programme ou de tout autre signe distinctif relatif \u00e0 L\u2019Ev\u00e9nement ou \u00e0 SAVH ainsi que toute utilisation de termes tels que \u00abFournisseur\u00bb, \u00abPartenaire\u00bb, \u00abSponsor\u00bb, \u00abParrain\u00bb de l\u2019Ev\u00e9nement ou du Programme est strictement interdite.<br>\n<\/div>\n    <\/div>\n<\/div>\n\n\n\n<\/div><div class=\"bde-accordion__content-wrapper-286-209 bde-accordion__content-wrapper\">\n<h3 class=\"bde-accordion__title-tag\">\n  <button type=\"button\" class=\"bde-accordion__button\" id=\"accordion-button-209\" aria-controls=\"accordion-panel-209\" aria-expanded=\"false\">\n     <span class=\"bde-accordion__title\" >5. Informatique & libert\u00e9<\/span>\n     <span class=\"bde-accordion__icon bde-accordion__icon--default\"><\/span>\n     <span class=\"bde-accordion__icon bde-accordion__icon--active\"><\/span>\n  <\/button>\n<\/h3>\n\n<div role=\"region\" class=\"bde-accordion__panel\" id=\"accordion-panel-209\" aria-labelledby=\"accordion-button-209\">\n    <div class=\"bde-accordion__panel-content\">\n        <div class=\"bde-text-286-210 bde-text\">\nLes informations recueillies sur ce formulaire sont enregistr\u00e9es dans un fichier informatis\u00e9 par SAVH dans le but de vous permettre de vous inscrire \u00e0 cet \u00e9v\u00e9nement. Vos donn\u00e9es sont conserv\u00e9es pendant la dur\u00e9e de la mise en place de l\u2019\u00e9v\u00e8nement et sont destin\u00e9es \u00e0 r\u00e9pondre aux demandes d\u2019informations, proposer des offres commerciales, g\u00e9rer l\u2019inscription et la facturation des prestations et pour la gestion de la relation clients et prospects. Vos donn\u00e9es sont conserv\u00e9es pendant 3 ans \u00e0 compter de votre derni\u00e8re activit\u00e9 (participation \u00e0 nos \u00e9v\u00e8nement, achat plateforme ou sur place\u2026) et interactions avec nos services. Ces donn\u00e9es sont destin\u00e9es aux services Marketing, Communication et Commercial. Conform\u00e9ment aux lois \u00abInformatique & Libert\u00e9\u00bb et \u00abRGPD\u00bb, vous pouvez exercer vos droits d\u2019acc\u00e8s aux donn\u00e9es, de rectification ou d\u2019opposition en contactant info@peter.fr\n<\/div>\n    <\/div>\n<\/div>\n\n\n\n<\/div><div class=\"bde-accordion__content-wrapper-286-211 bde-accordion__content-wrapper\">\n<h3 class=\"bde-accordion__title-tag\">\n  <button type=\"button\" class=\"bde-accordion__button\" id=\"accordion-button-211\" aria-controls=\"accordion-panel-211\" aria-expanded=\"false\">\n     <span class=\"bde-accordion__title\" >6. Responsabilit\u00e9 du Client et Assurances<\/span>\n     <span class=\"bde-accordion__icon bde-accordion__icon--default\"><\/span>\n     <span class=\"bde-accordion__icon bde-accordion__icon--active\"><\/span>\n  <\/button>\n<\/h3>\n\n<div role=\"region\" class=\"bde-accordion__panel\" id=\"accordion-panel-211\" aria-labelledby=\"accordion-button-211\">\n    <div class=\"bde-accordion__panel-content\">\n        <div class=\"bde-text-286-212 bde-text\">\n\u2022 Le Client sera responsable, pendant toute la dur\u00e9e du Contrat, de tous ses faits ou dans l\u2019enceinte de l\u2019Ev\u00e9nement.<br><br>\u2022 Le Client est responsable de tout d\u00e9g\u00e2t, dommage, d\u00e9gradation, d\u00e9t\u00e9rioration de l\u2019Espace de R\u00e9ception qui serait constat\u00e9 par SAVH post\u00e9rieurement \u00e0 sa mise \u00e0 disposition au Client. En cons\u00e9quence, Le Client s\u2019engage \u00e0 rembourser \u00e0 SAVH \u00e0 premi\u00e8re demande et sur simple pr\u00e9sentation des justificatifs, tous les frais que celle-ci aura d\u00fb engager pour la remise en \u00e9tat de l\u2019Espace de R\u00e9ception<br><br>\u2022 Le Client devra, sans d\u00e9lai, informer SAVH de tout incident, dommage corporel et\/ou mat\u00e9riel quel qu\u2019il soit, survenant dans l\u2019Espace de R\u00e9ception.<br>\n<\/div>\n    <\/div>\n<\/div>\n\n\n\n<\/div><div class=\"bde-accordion__content-wrapper-286-215 bde-accordion__content-wrapper\">\n<h3 class=\"bde-accordion__title-tag\">\n  <button type=\"button\" class=\"bde-accordion__button\" id=\"accordion-button-215\" aria-controls=\"accordion-panel-215\" aria-expanded=\"false\">\n     <span class=\"bde-accordion__title\" >7. Responsabilit\u00e9<\/span>\n     <span class=\"bde-accordion__icon bde-accordion__icon--default\"><\/span>\n     <span class=\"bde-accordion__icon bde-accordion__icon--active\"><\/span>\n  <\/button>\n<\/h3>\n\n<div role=\"region\" class=\"bde-accordion__panel\" id=\"accordion-panel-215\" aria-labelledby=\"accordion-button-215\">\n    <div class=\"bde-accordion__panel-content\">\n        <div class=\"bde-text-286-216 bde-text\">\nLa responsabilit\u00e9 de SAVH est limit\u00e9e \u00e0 la r\u00e9paration des dommages mat\u00e9riels directs caus\u00e9s au Client qui r\u00e9sulteraient d\u2019une mauvaise ex\u00e9cution de ses obligations contractuelles.<br><br>Sauf en cas de faute lourde ou de dol, SAVH ne sera donc pas tenue de r\u00e9parer :<br>\u2013            les cons\u00e9quences dommageables des fautes du Client ou des tiers relatifs \u00e0 l\u2019ex\u00e9cution du contrat,<br>\u2013            les dommages immat\u00e9riels et\/ou indirects.<br><br>En tout \u00e9tat de cause sauf stipulations contractuelles contraires, la responsabilit\u00e9 cumul\u00e9e de SAVH est plafonn\u00e9e aux sommes encaiss\u00e9es au titre de la fourniture de la Prestation au jour de la r\u00e9clamation.<br>\n<\/div>\n    <\/div>\n<\/div>\n\n\n\n<\/div><div class=\"bde-accordion__content-wrapper-286-217 bde-accordion__content-wrapper\">\n<h3 class=\"bde-accordion__title-tag\">\n  <button type=\"button\" class=\"bde-accordion__button\" id=\"accordion-button-217\" aria-controls=\"accordion-panel-217\" aria-expanded=\"false\">\n     <span class=\"bde-accordion__title\" >8. Force Majeure<\/span>\n     <span class=\"bde-accordion__icon bde-accordion__icon--default\"><\/span>\n     <span class=\"bde-accordion__icon bde-accordion__icon--active\"><\/span>\n  <\/button>\n<\/h3>\n\n<div role=\"region\" class=\"bde-accordion__panel\" id=\"accordion-panel-217\" aria-labelledby=\"accordion-button-217\">\n    <div class=\"bde-accordion__panel-content\">\n        <div class=\"bde-text-286-218 bde-text\">\n\u2022\tLes Parties conviennent express\u00e9ment que la responsabilit\u00e9 de SAVH ne saurait \u00eatre recherch\u00e9e si l'Ev\u00e9nement et\/ou le Programme devait \u00eatre annul\u00e9 ou interrompu pour un cas de force majeure.<br><br>\u2022\tPour les besoins des pr\u00e9sentes, les parties conviennent d'attribuer aux \u00e9v\u00e9nements suivants les effets de la force majeure : incendie, conditions climatiques ou politiques rendant impossible ou tr\u00e8s difficile la tenue de l\u2019Ev\u00e9nement et\/ou du Programme et notamment : inondation, \u00e9pid\u00e9mie, attentat (ou menace d\u2019attentat), ouragan, tornade, temp\u00eate, orages, gel, gr\u00eale d\u00e9favorables \u00e0 la tenue de l\u2019Ev\u00e9nement et\/ou du Programme, tremblement de terre, guerre, guerre civile, r\u00e9quisition, arr\u00eat de travail, lock-out ou gr\u00e8ve des personnels et\/ou sportifs n\u00e9cessaires \u00e0 la tenue de l\u2019Ev\u00e9nement et\/ou du Programme ou \u00e0 l'acheminement des comp\u00e9titeurs ou spectateurs, r\u00e9volution, \u00e9meutes, mouvements de foule, moratoire l\u00e9gal, fait du prince, retrait ou suspension des autorisations f\u00e9d\u00e9rales, retrait ou suspension des autorisations d'occupation des sites de d\u00e9roulement de l\u2019Ev\u00e9nement et\/ou du Programme, vol de tout ou partie du mat\u00e9riel n\u00e9cessaire \u00e0 la tenue de l\u2019Ev\u00e9nement et\/ou du Programme, manque d'\u00e9nergie \u00e9lectrique, interruption ou retard dans les transports ou les postes de t\u00e9l\u00e9communication, impossibilit\u00e9 de retransmettre l\u2019Ev\u00e9nement et\/ou du Programme par ondes hertziennes terrestres, par c\u00e2ble ou par satellite, conditions rendant impossible ou tr\u00e8s difficile le maintien de la s\u00e9curit\u00e9 des participants \u00e0 l\u2019Ev\u00e9nement ou des spectateurs.<br><br>\u2022\tLe Client reconna\u00eet que SAVH ne sera pas tenue de lui rembourser la somme stipul\u00e9e sur la Facture ni lui verser une quelconque indemnit\u00e9 du fait de l'interruption ou de l\u2019annulation totale de l'Ev\u00e9nement et\/ou du Programme et renonce d\u2019ores et d\u00e9j\u00e0 \u00e0 toute action en responsabilit\u00e9 \u00e0 l\u2019encontre de SAVH aux fins d\u2019obtenir des dommages-int\u00e9r\u00eats pour ces motifs.<br>\n<\/div>\n    <\/div>\n<\/div>\n\n\n\n<\/div><div class=\"bde-accordion__content-wrapper-286-219 bde-accordion__content-wrapper\">\n<h3 class=\"bde-accordion__title-tag\">\n  <button type=\"button\" class=\"bde-accordion__button\" id=\"accordion-button-219\" aria-controls=\"accordion-panel-219\" aria-expanded=\"false\">\n     <span class=\"bde-accordion__title\" >9. Intuitu personae<\/span>\n     <span class=\"bde-accordion__icon bde-accordion__icon--default\"><\/span>\n     <span class=\"bde-accordion__icon bde-accordion__icon--active\"><\/span>\n  <\/button>\n<\/h3>\n\n<div role=\"region\" class=\"bde-accordion__panel\" id=\"accordion-panel-219\" aria-labelledby=\"accordion-button-219\">\n    <div class=\"bde-accordion__panel-content\">\n        <div class=\"bde-text-286-220 bde-text\">\nLe pr\u00e9sent Contrat est conclu intuitu personae entre les Parties. Les droits et obligations du Client ne sauraient \u00eatre c\u00e9d\u00e9s en tout ou partie, d\u00e9l\u00e9gu\u00e9s ou transf\u00e9r\u00e9s \u00e0 un tiers, par quelque moyen que ce soit, sans le consentement \u00e9crit, expr\u00e8s et pr\u00e9alable de SAVH.\n<\/div>\n    <\/div>\n<\/div>\n\n\n\n<\/div><div class=\"bde-accordion__content-wrapper-286-221 bde-accordion__content-wrapper\">\n<h3 class=\"bde-accordion__title-tag\">\n  <button type=\"button\" class=\"bde-accordion__button\" id=\"accordion-button-221\" aria-controls=\"accordion-panel-221\" aria-expanded=\"false\">\n     <span class=\"bde-accordion__title\" >10. Loi applicable et comp\u00e9tence juridictionnelle<\/span>\n     <span class=\"bde-accordion__icon bde-accordion__icon--default\"><\/span>\n     <span class=\"bde-accordion__icon bde-accordion__icon--active\"><\/span>\n  <\/button>\n<\/h3>\n\n<div role=\"region\" class=\"bde-accordion__panel\" id=\"accordion-panel-221\" aria-labelledby=\"accordion-button-221\">\n    <div class=\"bde-accordion__panel-content\">\n        <div class=\"bde-text-286-222 bde-text\">\n\u2022\tLe pr\u00e9sent contrat a \u00e9t\u00e9 r\u00e9dig\u00e9 en langue fran\u00e7aise qui sera consid\u00e9r\u00e9e en toute hypoth\u00e8se comme la langue unique du contrat. Il est r\u00e9gi en toutes ses dispositions par le droit fran\u00e7ais.<br>\u2022\tTout litige concernant sa validit\u00e9, son interpr\u00e9tation, son ex\u00e9cution et\/ou sa r\u00e9siliation et\/ou son expiration, sera soumis \u00e0 la comp\u00e9tence exclusive des juridictions comp\u00e9tentes du ressort de la cour d\u2019appel de Paris, nonobstant toute demande incidente et\/ou garantie ou de pluralit\u00e9 de d\u00e9fendeurs.<br>\n<\/div>\n    <\/div>\n<\/div>\n\n\n\n<\/div><div class=\"bde-accordion__content-wrapper-286-223 bde-accordion__content-wrapper\">\n<h3 class=\"bde-accordion__title-tag\">\n  <button type=\"button\" class=\"bde-accordion__button\" id=\"accordion-button-223\" aria-controls=\"accordion-panel-223\" aria-expanded=\"false\">\n     <span class=\"bde-accordion__title\" >11. Divers<\/span>\n     <span class=\"bde-accordion__icon bde-accordion__icon--default\"><\/span>\n     <span class=\"bde-accordion__icon bde-accordion__icon--active\"><\/span>\n  <\/button>\n<\/h3>\n\n<div role=\"region\" class=\"bde-accordion__panel\" id=\"accordion-panel-223\" aria-labelledby=\"accordion-button-223\">\n    <div class=\"bde-accordion__panel-content\">\n        <div class=\"bde-text-286-224 bde-text\">\n\u2022\tAucun fait de tol\u00e9rance par SAVH, m\u00eame r\u00e9p\u00e9t\u00e9, ne saurait constituer une renonciation de celle-ci \u00e0 l\u2019une quelconque des dispositions du pr\u00e9sent Contrat.<br><br>\u2022\tLes pr\u00e9sentes Conditions G\u00e9n\u00e9rales et les \u00e9ventuelles conditions particuli\u00e8res n\u00e9goci\u00e9es entre les Parties constituent l\u2019ensemble des engagements pris par les Parties. Elles annulent et remplacent tous les accords verbaux et \u00e9crits ant\u00e9rieurs \u00e0 leur diffusion ou pouvant se rapporter \u00e0 leur objet.<br><br>\u2022\tEn cas de nullit\u00e9 de l\u2019une quelconque des dispositions du pr\u00e9sent Contrat, les Parties rechercheront de bonne foi des dispositions \u00e9quivalentes valables. En tout \u00e9tat de cause, les autres conditions et dispositions du Contrat demeureront en vigueur.<br><br>\n<\/div>\n    <\/div>\n<\/div>\n\n\n\n<\/div>\r\n\r\n<\/div><\/div>\n<\/section>","protected":false},"excerpt":{"rendered":"<p>Conditions g\u00e9n\u00e9rales de vente Offres hospitalit\u00e9s 1. Pr\u00e9ambule \u2022 A l\u2019occasion du Mans Classic (l\u2019Ev\u00e8nement), SAVH, soci\u00e9t\u00e9 par actions simplifi\u00e9e au capital de 40.000 euros, dont le si\u00e8ge social est situ\u00e9 au 103 rue Lamarck \u2013 75018 Paris, immatricul\u00e9e sous le num\u00e9ro 439 162 892 RCS PARIS (SAVH) propose des prestations d\u2019hospitalit\u00e9s associ\u00e9es \u00e0 l\u2019Ev\u00e9nement [&hellip;]<\/p>\n","protected":false},"author":1,"featured_media":0,"parent":0,"menu_order":0,"comment_status":"closed","ping_status":"closed","template":"","meta":{"_breakdance_hide_in_design_set":false,"_breakdance_tags":"","footnotes":""},"class_list":["post-286","page","type-page","status-publish","hentry"],"_links":{"self":[{"href":"https:\/\/www.lemansclassic.com\/en\/wp-json\/wp\/v2\/pages\/286","targetHints":{"allow":["GET"]}}],"collection":[{"href":"https:\/\/www.lemansclassic.com\/en\/wp-json\/wp\/v2\/pages"}],"about":[{"href":"https:\/\/www.lemansclassic.com\/en\/wp-json\/wp\/v2\/types\/page"}],"author":[{"embeddable":true,"href":"https:\/\/www.lemansclassic.com\/en\/wp-json\/wp\/v2\/users\/1"}],"replies":[{"embeddable":true,"href":"https:\/\/www.lemansclassic.com\/en\/wp-json\/wp\/v2\/comments?post=286"}],"version-history":[{"count":5,"href":"https:\/\/www.lemansclassic.com\/en\/wp-json\/wp\/v2\/pages\/286\/revisions"}],"predecessor-version":[{"id":32329,"href":"https:\/\/www.lemansclassic.com\/en\/wp-json\/wp\/v2\/pages\/286\/revisions\/32329"}],"wp:attachment":[{"href":"https:\/\/www.lemansclassic.com\/en\/wp-json\/wp\/v2\/media?parent=286"}],"curies":[{"name":"wp","href":"https:\/\/api.w.org\/{rel}","templated":true}]}}